{"id":60169,"date":"2020-05-25T10:39:45","date_gmt":"2020-05-25T10:39:45","guid":{"rendered":"https:\/\/ww3.onetoonecf.com\/?page_id=60169"},"modified":"2024-04-15T13:14:05","modified_gmt":"2024-04-15T11:14:05","slug":"ma-y-el-covid-19","status":"publish","type":"page","link":"https:\/\/www.onetoonecf.com\/es\/ma-y-el-covid-19\/","title":{"rendered":"M&amp;A y el COVID-19"},"content":{"rendered":"<p>[rev_slider_vc alias=\u00bbcovd-web-esp\u00bb]<\/p>\n<p style=\"text-align: center;\">Conoce las opiniones y perspectivas de nuestros asesores respecto a los efectos del COVID-19 en el M&amp;A, en la econom\u00eda y sus posibles impactos en el futuro.<\/p>\n<header class=\"entry-header\">\n<p class=\"entry-title\" style=\"text-align: center;\"><a href=\"https:\/\/www.onetoonecf.com\/es\/por-que-se-reactivaran-las-fusiones-y-adquisiciones\/\"><strong>Por qu\u00e9 se reactivar\u00e1 la compraventa de empresas tras la crisis del Covid-19<\/strong><\/a><\/p>\n<\/header>\n<header class=\"entry-header\">\n<p class=\"entry-title\" style=\"text-align: left;\">Escrito por ENRIQUE QUEMADA,\u00a0 Presidente de ONEtoONE.\u00a0 Aunque estamos en etapa de turbulencia y par\u00e1lisis provocada por la crisis del Covid-19, el mundo del M&amp;A se reactivar\u00e1 en unos meses y lo har\u00e1 con fuerza.<\/p>\n<\/header>\n<div class=\"entry-content\">\n<div class=\"vc_row wpb_row vc_row-fluid\">\n<div class=\"wpb_column vc_column_container vc_col-sm-12\">\n<div class=\"vc_column-inner\">\n<div class=\"wpb_wrapper\">\n<div class=\"wpb_text_column wpb_content_element \">\n<div class=\"wpb_wrapper\"><\/div>\n<\/div>\n<\/div>\n<\/div>\n<\/div>\n<\/div>\n<\/div>\n<header class=\"entry-header\">\n<header class=\"entry-header\">\n<p class=\"entry-title\" style=\"text-align: center;\"><a href=\"https:\/\/www.onetoonecf.com\/es\/los-empresarios-tambien-son-heroes\/\"><strong>Los empresarios tambi\u00e9n son H\u00e9roes<\/strong><\/a><\/p>\n<\/header>\n<div class=\"entry-content\">\n<div class=\"vc_row wpb_row vc_row-fluid\">\n<div class=\"wpb_column vc_column_container vc_col-sm-12\">\n<div class=\"vc_column-inner\">\n<div class=\"wpb_wrapper\">\n<div class=\"wpb_text_column wpb_content_element \">\n<div class=\"wpb_wrapper\"><\/div>\n<\/div>\n<\/div>\n<\/div>\n<\/div>\n<\/div>\n<\/div>\n<\/header>\n<div class=\"entry-content\">\n<div class=\"vc_row wpb_row vc_row-fluid\">\n<div class=\"wpb_column vc_column_container vc_col-sm-12\">\n<div class=\"vc_column-inner\">\n<div class=\"wpb_wrapper\">\n<div class=\"wpb_text_column wpb_content_element \">\n<div class=\"wpb_wrapper\"><\/div>\n<\/div>\n<\/div>\n<\/div>\n<\/div>\n<\/div>\n<\/div>\n<header class=\"entry-header\">\n<p class=\"entry-title\" style=\"text-align: left;\">Durante la crisis de COVID-19, vemos a muchas figuras que son aplaudidas por sus incre\u00edbles esfuerzos y su reconocible trabajo. Queremos extender este honor a nuestros compa\u00f1eros empresarios, que a veces quedan a la sombra de los estereotipos.<\/p>\n<\/header>\n<div class=\"entry-content\">\n<div class=\"vc_row wpb_row vc_row-fluid\">\n<div class=\"wpb_column vc_column_container vc_col-sm-12\">\n<div class=\"vc_column-inner\">\n<div class=\"wpb_wrapper\">\n<div class=\"wpb_text_column wpb_content_element \">\n<div class=\"wpb_wrapper\"><\/div>\n<\/div>\n<\/div>\n<\/div>\n<\/div>\n<\/div>\n<\/div>\n<header class=\"entry-header\">\n<header class=\"entry-header\">\n<p class=\"entry-title\" style=\"text-align: center;\"><a href=\"https:\/\/www.onetoonecf.com\/es\/espana-post-virus-20-cambios\/\"><strong>Espa\u00f1a despu\u00e9s del virus: 20 cambios<\/strong><\/a><\/p>\n<\/header>\n<div class=\"entry-content\">\n<div class=\"vc_row wpb_row vc_row-fluid\">\n<div class=\"wpb_column vc_column_container vc_col-sm-12\">\n<div class=\"vc_column-inner\">\n<div class=\"wpb_wrapper\">\n<div class=\"wpb_text_column wpb_content_element \">\n<div class=\"wpb_wrapper\"><\/div>\n<\/div>\n<\/div>\n<\/div>\n<\/div>\n<\/div>\n<\/div>\n<\/header>\n<div class=\"entry-content\">\n<div class=\"vc_row wpb_row vc_row-fluid\">\n<div class=\"wpb_column vc_column_container vc_col-sm-12\">\n<div class=\"vc_column-inner\">\n<div class=\"wpb_wrapper\">\n<div class=\"wpb_text_column wpb_content_element \">\n<div class=\"wpb_wrapper\"><\/div>\n<\/div>\n<\/div>\n<\/div>\n<\/div>\n<\/div>\n<\/div>\n<header class=\"entry-header\">\n<p class=\"entry-title\" style=\"text-align: left;\">Corea del Sur es similar a Espa\u00f1a en tama\u00f1o, poblaci\u00f3n y democracia. Recibi\u00f3 el virus de China sin aviso, pero actu\u00f3 con celeridad y tecnolog\u00eda. Estas son las principales diferencias que marcar\u00e1n la trayectoria de Espa\u00f1a despu\u00e9s de la pandemia.<\/p>\n<\/header>\n<p>[rev_slider_vc alias=\u00bbcovid-articulos-esp\u00bb]<\/p>\n<div class=\"wpb_text_column wpb_content_element \">\n<div class=\"wpb_wrapper\">\n<div style=\"text-align: left;\">\n<p><b>La valoraci\u00f3n de una <\/b><b>empresa <\/b>es un ejercicio fundamental para entender su posici\u00f3n competitiva en el mercado, mucho m\u00e1s durante estos tiempos de crisis.<\/p>\n<p>Los empresarios se preguntan en cu\u00e1nto ha cambiado el valor de su empresa con el Covid 19. Intentaremos dar algunas claves. Debemos distinguir las empresas que tienen capacidad financiera para soportar esta crisis de aquellas que se tendr\u00e1n que vender para evitar la quiebra.<\/p>\n<p><b style=\"text-align: justify;\">Entonces, \u00bfc\u00f3mo puede afectar la crisis del COVID-19 a la valoraci\u00f3n de su empresa?<\/b><\/p>\n<\/div>\n<\/div>\n<\/div>\n<p style=\"text-align: right;\">\r\n\t\t<form id=\"c3f60642-9132-4b31-a57f-a84c89c6f883\" class=\"signupAndDownloadForm\">\r\n\t\t\t<input type=\"hidden\" name=\"MauticSegment\" value=\"42\" \/>\r\n\t\t\t<input type=\"hidden\" name=\"fileURL\" value=\"\/wp-content\/uploads\/sites\/16\/2020\/04\/Como-puede-afectar-la-crisis-del-COVID19-a-la-valoracio\u0301n-de-tu-empresa_ONEtoONE_2020.pdf\" \/>\r\n\t\t\t<div class=\"sep\"><\/div>\r\n\t\t\t<div class=\"inputsNewsletter\">\r\n\t\t\t\t<input type=\"text\" data-type=\"name\" placeholder=\"Nombre\" name=\"SubscriptionFormName\" Required=\"required\" \/><br\/><br\/>\r\n\t\t\t\t<input type=\"email\" data-type=\"email\" placeholder=\"Correo electr\u00f3nico\" name=\"SubscriptionFormEmail\" Required=\"required\" \/><br\/><br\/>\r\n\t\t\t\t<div class=\"checkboxy\">\r\n\t\t\t\t\t<label class=\"terms\"><input name=\"cecky\" value=\"1\" type=\"checkbox\" required=\"required\" \/><a href=\"\/merger-and-acquisitions-privacy-policy\/\" target=\"_blank\">He le\u00eddo y acepto el cumplimiento del RGPD<\/a><\/label>\r\n\t\t\t\t<\/div>\r\n\t\t\t\t<div style=\"text-align: center;\">\r\n\t\t\t\t\t<input class=\"vc_general vc_btn3 vc_btn3-size-lg vc_btn3-shape-rounded vc_btn3-style-3d vc_btn3-color-sky\" type=\"submit\" name=\"Submit\" value=\"SUSCRIBIRSE Y DESCARGAR\">\r\n\t\t\t\t<\/div>\r\n\t\t\t<\/div>\r\n\t\t<\/form>\r\n<script>jQuery(\"#c3f60642-9132-4b31-a57f-a84c89c6f883\").on(\"submit\", function(event){signupAndDownloadForm(event);});<\/script><\/p>\n<div class=\"wpb_text_column wpb_content_element \">\n<div class=\"wpb_wrapper\">\n<div style=\"text-align: left;\">\n<div class=\"wpb_text_column wpb_content_element \">\n<div class=\"wpb_wrapper\">\n<p style=\"text-align: center;\">Los pasos necesarios para desarrollar los <strong>m\u00e9todos de valoraci\u00f3n<\/strong> de empresas m\u00e1s empleados en el mercado.<\/p>\n<\/div>\n<\/div>\n<\/div>\n<\/div>\n<\/div>\n<div class=\"wpb_text_column wpb_content_element \">\n<div class=\"wpb_wrapper\">\n<div style=\"text-align: center;\"><b>Los efectos que el COVID-19 <\/b>tendr\u00e1 sobre el valor real de su empresa.<\/div>\n<\/div>\n<\/div>\n<div class=\"wpb_text_column wpb_content_element \">\n<div class=\"wpb_wrapper\">\n<div style=\"text-align: center;\">La diferencia entre precio y valor; y otros <strong>conceptos clave<\/strong> para realizar una buena valoraci\u00f3n.<\/div>\n<\/div>\n<\/div>\n<div class=\"wpb_text_column wpb_content_element \">\n<div class=\"wpb_wrapper\">\n<div style=\"text-align: center;\"><strong>Casos reales<\/strong> a trav\u00e9s de la experiencia de ONEtoONE en cientos de operaciones en m\u00e1s de quince a\u00f1os de actividad.<\/div>\n<\/div>\n<\/div>\n<div class=\"wpb_text_column wpb_content_element \">\n<div class=\"wpb_wrapper\">\n<div style=\"text-align: left;\">\n<div class=\"wpb_text_column wpb_content_element \">\n<div class=\"wpb_wrapper\">\n<p style=\"text-align: center;\">Los pasos necesarios para desarrollar los <strong>m\u00e9todos de valoraci\u00f3n<\/strong> de empresas m\u00e1s empleados en el mercado.<\/p>\n<\/div>\n<\/div>\n<\/div>\n<\/div>\n<\/div>\n<div class=\"wpb_text_column wpb_content_element \">\n<div class=\"wpb_wrapper\">\n<div style=\"text-align: center;\">La diferencia entre precio y valor; y otros <strong>conceptos clave<\/strong> para realizar una buena valoraci\u00f3n.<\/div>\n<\/div>\n<\/div>\n<div class=\"wpb_text_column wpb_content_element \">\n<div class=\"wpb_wrapper\">\n<div style=\"text-align: center;\"><strong>Casos reales<\/strong> a trav\u00e9s de la experiencia de ONEtoONE en cientos de operaciones en m\u00e1s de quince a\u00f1os de actividad.<\/div>\n<\/div>\n<\/div>\n<p>[rev_slider_vc alias=\u00bbrestructuracion-esp\u00bb]<\/p>\n","protected":false},"excerpt":{"rendered":"<p>[rev_slider_vc alias=\u00bbcovd-web-esp\u00bb] Conoce las opiniones y perspectivas de nuestros asesores respecto a los efectos del COVID-19 en el M&amp;A, en la econom\u00eda y sus posibles impactos en el futuro. Por qu\u00e9 se reactivar\u00e1 la compraventa de empresas tras la crisis del Covid-19 Escrito por ENRIQUE QUEMADA,\u00a0 Presidente de ONEtoONE.\u00a0 Aunque estamos en etapa de turbulencia [&hellip;]<\/p>\n","protected":false},"author":17,"featured_media":0,"parent":0,"menu_order":0,"comment_status":"closed","ping_status":"closed","template":"page-sidebar.php","meta":{"_joinchat":[],"footnotes":""},"class_list":["post-60169","page","type-page","status-publish","hentry"],"yoast_head":"<!-- This site is optimized with the Yoast SEO plugin v27.5 - https:\/\/yoast.com\/product\/yoast-seo-wordpress\/ -->\n<title>M&amp;A y el COVID-19 - ONEtoONE Corporate Finance<\/title>\n<meta name=\"description\" content=\"Conoce las opiniones y perspectivas de nuestros asesores respecto a los efectos del COVID-19 en la econom\u00eda M&amp;A presente y futura.\" \/>\n<meta name=\"robots\" content=\"index, follow, max-snippet:-1, max-image-preview:large, max-video-preview:-1\" \/>\n<link rel=\"canonical\" href=\"https:\/\/www.onetoonecf.com\/es\/ma-y-el-covid-19\/\" \/>\n<meta property=\"og:locale\" content=\"es_ES\" \/>\n<meta property=\"og:type\" content=\"article\" \/>\n<meta property=\"og:title\" content=\"M&amp;A y el COVID-19 - ONEtoONE Corporate Finance\" \/>\n<meta property=\"og:description\" content=\"Conoce las opiniones y perspectivas de nuestros asesores respecto a los efectos del COVID-19 en la econom\u00eda M&amp;A presente y futura.\" \/>\n<meta property=\"og:url\" content=\"https:\/\/www.onetoonecf.com\/es\/ma-y-el-covid-19\/\" \/>\n<meta property=\"og:site_name\" content=\"ONEtoONE Corporate Finance\" \/>\n<meta property=\"article:modified_time\" content=\"2024-04-15T11:14:05+00:00\" \/>\n<meta name=\"twitter:card\" content=\"summary_large_image\" \/>\n<meta name=\"twitter:label1\" content=\"Tiempo de lectura\" \/>\n\t<meta name=\"twitter:data1\" content=\"3 minutos\" \/>\n<script type=\"application\/ld+json\" class=\"yoast-schema-graph\">{\"@context\":\"https:\\\/\\\/schema.org\",\"@graph\":[{\"@type\":\"WebPage\",\"@id\":\"https:\\\/\\\/www.onetoonecf.com\\\/es\\\/ma-y-el-covid-19\\\/\",\"url\":\"https:\\\/\\\/www.onetoonecf.com\\\/es\\\/ma-y-el-covid-19\\\/\",\"name\":\"M&amp;A y el COVID-19 - ONEtoONE Corporate Finance\",\"isPartOf\":{\"@id\":\"https:\\\/\\\/www.onetoonecf.com\\\/es\\\/#website\"},\"datePublished\":\"2020-05-25T10:39:45+00:00\",\"dateModified\":\"2024-04-15T11:14:05+00:00\",\"description\":\"Conoce las opiniones y perspectivas de nuestros asesores respecto a los efectos del COVID-19 en la econom\u00eda M&A presente y futura.\",\"breadcrumb\":{\"@id\":\"https:\\\/\\\/www.onetoonecf.com\\\/es\\\/ma-y-el-covid-19\\\/#breadcrumb\"},\"inLanguage\":\"es\",\"potentialAction\":[{\"@type\":\"ReadAction\",\"target\":[\"https:\\\/\\\/www.onetoonecf.com\\\/es\\\/ma-y-el-covid-19\\\/\"]}]},{\"@type\":\"BreadcrumbList\",\"@id\":\"https:\\\/\\\/www.onetoonecf.com\\\/es\\\/ma-y-el-covid-19\\\/#breadcrumb\",\"itemListElement\":[{\"@type\":\"ListItem\",\"position\":1,\"name\":\"Home\",\"item\":\"https:\\\/\\\/www.onetoonecf.com\\\/es\\\/new-home-2025\\\/\"},{\"@type\":\"ListItem\",\"position\":2,\"name\":\"M&amp;A y el COVID-19\"}]},{\"@type\":\"WebSite\",\"@id\":\"https:\\\/\\\/www.onetoonecf.com\\\/es\\\/#website\",\"url\":\"https:\\\/\\\/www.onetoonecf.com\\\/es\\\/\",\"name\":\"ONEtoONE Corporate Finance\",\"description\":\"\",\"potentialAction\":[{\"@type\":\"SearchAction\",\"target\":{\"@type\":\"EntryPoint\",\"urlTemplate\":\"https:\\\/\\\/www.onetoonecf.com\\\/es\\\/?s={search_term_string}\"},\"query-input\":{\"@type\":\"PropertyValueSpecification\",\"valueRequired\":true,\"valueName\":\"search_term_string\"}}],\"inLanguage\":\"es\"}]}<\/script>\n<!-- \/ Yoast SEO plugin. -->","yoast_head_json":{"title":"M&amp;A y el COVID-19 - ONEtoONE Corporate Finance","description":"Conoce las opiniones y perspectivas de nuestros asesores respecto a los efectos del COVID-19 en la econom\u00eda M&A presente y futura.","robots":{"index":"index","follow":"follow","max-snippet":"max-snippet:-1","max-image-preview":"max-image-preview:large","max-video-preview":"max-video-preview:-1"},"canonical":"https:\/\/www.onetoonecf.com\/es\/ma-y-el-covid-19\/","og_locale":"es_ES","og_type":"article","og_title":"M&amp;A y el COVID-19 - ONEtoONE Corporate Finance","og_description":"Conoce las opiniones y perspectivas de nuestros asesores respecto a los efectos del COVID-19 en la econom\u00eda M&A presente y futura.","og_url":"https:\/\/www.onetoonecf.com\/es\/ma-y-el-covid-19\/","og_site_name":"ONEtoONE Corporate Finance","article_modified_time":"2024-04-15T11:14:05+00:00","twitter_card":"summary_large_image","twitter_misc":{"Tiempo de lectura":"3 minutos"},"schema":{"@context":"https:\/\/schema.org","@graph":[{"@type":"WebPage","@id":"https:\/\/www.onetoonecf.com\/es\/ma-y-el-covid-19\/","url":"https:\/\/www.onetoonecf.com\/es\/ma-y-el-covid-19\/","name":"M&amp;A y el COVID-19 - ONEtoONE Corporate Finance","isPartOf":{"@id":"https:\/\/www.onetoonecf.com\/es\/#website"},"datePublished":"2020-05-25T10:39:45+00:00","dateModified":"2024-04-15T11:14:05+00:00","description":"Conoce las opiniones y perspectivas de nuestros asesores respecto a los efectos del COVID-19 en la econom\u00eda M&A presente y futura.","breadcrumb":{"@id":"https:\/\/www.onetoonecf.com\/es\/ma-y-el-covid-19\/#breadcrumb"},"inLanguage":"es","potentialAction":[{"@type":"ReadAction","target":["https:\/\/www.onetoonecf.com\/es\/ma-y-el-covid-19\/"]}]},{"@type":"BreadcrumbList","@id":"https:\/\/www.onetoonecf.com\/es\/ma-y-el-covid-19\/#breadcrumb","itemListElement":[{"@type":"ListItem","position":1,"name":"Home","item":"https:\/\/www.onetoonecf.com\/es\/new-home-2025\/"},{"@type":"ListItem","position":2,"name":"M&amp;A y el COVID-19"}]},{"@type":"WebSite","@id":"https:\/\/www.onetoonecf.com\/es\/#website","url":"https:\/\/www.onetoonecf.com\/es\/","name":"ONEtoONE Corporate Finance","description":"","potentialAction":[{"@type":"SearchAction","target":{"@type":"EntryPoint","urlTemplate":"https:\/\/www.onetoonecf.com\/es\/?s={search_term_string}"},"query-input":{"@type":"PropertyValueSpecification","valueRequired":true,"valueName":"search_term_string"}}],"inLanguage":"es"}]}},"_links":{"self":[{"href":"https:\/\/www.onetoonecf.com\/es\/wp-json\/wp\/v2\/pages\/60169","targetHints":{"allow":["GET"]}}],"collection":[{"href":"https:\/\/www.onetoonecf.com\/es\/wp-json\/wp\/v2\/pages"}],"about":[{"href":"https:\/\/www.onetoonecf.com\/es\/wp-json\/wp\/v2\/types\/page"}],"author":[{"embeddable":true,"href":"https:\/\/www.onetoonecf.com\/es\/wp-json\/wp\/v2\/users\/17"}],"replies":[{"embeddable":true,"href":"https:\/\/www.onetoonecf.com\/es\/wp-json\/wp\/v2\/comments?post=60169"}],"version-history":[{"count":16,"href":"https:\/\/www.onetoonecf.com\/es\/wp-json\/wp\/v2\/pages\/60169\/revisions"}],"predecessor-version":[{"id":120057,"href":"https:\/\/www.onetoonecf.com\/es\/wp-json\/wp\/v2\/pages\/60169\/revisions\/120057"}],"wp:attachment":[{"href":"https:\/\/www.onetoonecf.com\/es\/wp-json\/wp\/v2\/media?parent=60169"}],"curies":[{"name":"wp","href":"https:\/\/api.w.org\/{rel}","templated":true}]}}